{"id":94,"date":"2010-08-01T17:52:15","date_gmt":"2010-08-01T15:52:15","guid":{"rendered":"http:\/\/127.0.0.1\/mandolare-wp\/?page_id=94"},"modified":"2018-12-30T14:41:49","modified_gmt":"2018-12-30T12:41:49","slug":"come-raggiungere-le-mandolare","status":"publish","type":"page","link":"https:\/\/www.lemandolare.it\/?page_id=94&amp;lang=fr","title":{"rendered":"Dove siamo"},"content":{"rendered":"<p><p style=\"text-align: justify;\">L\u2019exploitation agricole \u00ab Le Mandolare \u00bb se situe \u00e0 Villaga, via Mandolare. Les anciens propri\u00e9taires avaient plant\u00e9 de nombreux amandiers pour vendre les amandes au d\u00e9but de l\u2019automne. Aujourd\u2019hui, il reste une trentaine d\u2019arbres qui, durant la pleine  floraison au printemps, offrent une splendide vision de ce que devait  \u00eatre le domaine au si\u00e8cle dernier.<\/p>\n<p><a href=\"https:\/\/www.lemandolare.it\/wp-content\/uploads\/2012\/10\/veduta-le-mandolare-villaga-da-colle-ottobre-2012.jpg\"><img loading=\"lazy\" decoding=\"async\" title=\"veduta le mandolare villaga da colle ottobre 2012\" src=\"https:\/\/www.lemandolare.it\/wp-content\/uploads\/2012\/10\/veduta-le-mandolare-villaga-da-colle-ottobre-2012-150x150.jpg\" alt=\"\" width=\"150\" height=\"150\" \/><\/a> <a href=\"https:\/\/www.lemandolare.it\/wp-content\/uploads\/2010\/08\/panorama4.jpg\"><img loading=\"lazy\" decoding=\"async\" title=\"panorama Le Mandolare\" src=\"https:\/\/www.lemandolare.it\/wp-content\/uploads\/2010\/08\/panorama4-150x150.jpg\" alt=\"\" width=\"150\" height=\"150\" \/><\/a> <a href=\"https:\/\/www.lemandolare.it\/wp-content\/uploads\/2012\/09\/panorama-mandolare.jpg\"><img loading=\"lazy\" decoding=\"async\" title=\"panorama dall'Agriturismo Le mandolare, Villaga, Vicenza\" src=\"https:\/\/www.lemandolare.it\/wp-content\/uploads\/2012\/09\/panorama-mandolare-150x150.jpg\" alt=\"\" width=\"150\" height=\"150\" \/><\/a> <a href=\"https:\/\/www.lemandolare.it\/wp-content\/uploads\/2010\/08\/vigneti4.jpg\"><img loading=\"lazy\" decoding=\"async\" title=\"vigneti  Agriturismo Le Mandolare\" src=\"https:\/\/www.lemandolare.it\/wp-content\/uploads\/2010\/08\/vigneti4-150x150.jpg\" alt=\"\" width=\"150\" height=\"150\" \/><\/a><\/p>\n<p><a href=\"https:\/\/www.lemandolare.it\/wp-content\/uploads\/2010\/08\/esterni-14-2.jpg\"><img loading=\"lazy\" decoding=\"async\" title=\"esterni 14 2\" src=\"https:\/\/www.lemandolare.it\/wp-content\/uploads\/2010\/08\/esterni-14-2-300x224.jpg\" alt=\"\" width=\"300\" height=\"224\" \/><\/a> <a href=\"https:\/\/www.lemandolare.it\/wp-content\/uploads\/2010\/08\/esterni-14-11.jpg\"><img loading=\"lazy\" decoding=\"async\" title=\"esterni 14 1\" src=\"https:\/\/www.lemandolare.it\/wp-content\/uploads\/2010\/08\/esterni-14-11-300x224.jpg\" alt=\"\" width=\"300\" height=\"224\" \/><\/a><\/p>\n<p style=\"text-align: justify;\">L\u2019exploitation s\u2019\u00e9tend sur le flanc d\u2019une colline terminant les Colli Berici, 200 m\u00e8tres au dessus du niveau de la mer, sur environ 22 hectares couverts de bois, de pr\u00e9s, de vignes et d\u2019oliviers. De l\u00e0, on peut b\u00e9n\u00e9ficier d\u2019un splendide panorama et lors de journ\u00e9es particuli\u00e8rement d\u00e9gag\u00e9es, on distingue \u00e0 l\u2019horizon le profil des premiers Apennins.<\/p>\n<h3 style=\"text-align: center;\"><strong>La zone de Colli Berici<\/strong><\/h3>\n<p style=\"text-align: justify;\">L\u2019entreprise est situ\u00e9e dans une r\u00e9gion pleine de possibilit\u00e9s: ceux qui aiment le contact avec la nature seront ravis par la tranquillit\u00e9 et la beaut\u00e9 de l\u2019endroit et seront en mesure de choisir parmi les nombreux sentiers p\u00e9destres \u00e0 travers la riche nature des environs.<\/p>\n<p><a href=\"https:\/\/www.lemandolare.it\/wp-content\/uploads\/2010\/08\/sentieri_.jpg\"><img loading=\"lazy\" decoding=\"async\" title=\"sentieri_\" src=\"https:\/\/www.lemandolare.it\/wp-content\/uploads\/2010\/08\/sentieri_-150x150.jpg\" alt=\"\" width=\"150\" height=\"150\" \/><\/a> <a href=\"https:\/\/www.lemandolare.it\/wp-content\/uploads\/2012\/10\/uliveto-le-mandolare-villaga-ottobre-2012.jpg\"><img loading=\"lazy\" decoding=\"async\" title=\"uliveto le mandolare villaga ottobre 2012\" src=\"https:\/\/www.lemandolare.it\/wp-content\/uploads\/2012\/10\/uliveto-le-mandolare-villaga-ottobre-2012-150x150.jpg\" alt=\"\" width=\"150\" height=\"150\" \/><\/a> <a href=\"https:\/\/www.lemandolare.it\/wp-content\/uploads\/2012\/10\/uliveti-pozzolo-di-villaga-ottobre-2012.jpg\"><img loading=\"lazy\" decoding=\"async\" title=\"uliveti pozzolo di villaga ottobre 2012\" src=\"https:\/\/www.lemandolare.it\/wp-content\/uploads\/2012\/10\/uliveti-pozzolo-di-villaga-ottobre-2012-150x150.jpg\" alt=\"\" width=\"150\" height=\"150\" \/><\/a> <a href=\"https:\/\/www.lemandolare.it\/wp-content\/uploads\/2012\/09\/mappa-comprensorio.jpg\"><img loading=\"lazy\" decoding=\"async\" title=\"mappa comprensorio Colli Berici\" src=\"https:\/\/www.lemandolare.it\/wp-content\/uploads\/2012\/09\/mappa-comprensorio-150x150.jpg\" alt=\"\" width=\"150\" height=\"150\" \/><\/a><\/p>\n<p style=\"text-align: justify;\">Rencontrez des endroits magnifiques et fascinants, avec une ind\u00e9niable valeur artistique, historique et naturelle: l\u2019ermitage de San Donato, la Fontaine de Curii, la grotte de San Bernardino,\u00a0l\u2019\u00e9glise et le couvent de San Pancrazio, dans la village homonyme\u00a0fraction de Barbarano Vicentino.<\/p>\n<p><a href=\"https:\/\/www.lemandolare.it\/wp-content\/uploads\/2012\/09\/Grotta-di-San-Bernardino.jpg\"><img loading=\"lazy\" decoding=\"async\" title=\"Grotta di San Bernardino\" src=\"https:\/\/www.lemandolare.it\/wp-content\/uploads\/2012\/09\/Grotta-di-San-Bernardino-150x150.jpg\" alt=\"\" width=\"150\" height=\"150\" \/><\/a> <a href=\"https:\/\/www.lemandolare.it\/wp-content\/uploads\/2012\/09\/Lago-di-Fimon-2-2.jpg\"><img loading=\"lazy\" decoding=\"async\" title=\"Lago di Fimon 2 \" src=\"https:\/\/www.lemandolare.it\/wp-content\/uploads\/2012\/09\/Lago-di-Fimon-2-2-150x150.jpg\" alt=\"\" width=\"150\" height=\"150\" \/><\/a> <a href=\"https:\/\/www.lemandolare.it\/wp-content\/uploads\/2012\/09\/Eremo-San-Donato-Pozzolo-Villaga-Foto-104.jpg\"><img loading=\"lazy\" decoding=\"async\" title=\"Eremo di San Donato a Pozzolo di Villaga\" src=\"https:\/\/www.lemandolare.it\/wp-content\/uploads\/2012\/09\/Eremo-San-Donato-Pozzolo-Villaga-Foto-104-150x150.jpg\" alt=\"\" width=\"150\" height=\"150\" \/><\/a> <a href=\"https:\/\/www.lemandolare.it\/wp-content\/uploads\/2012\/09\/Eremo-San-Donato-Pozzolo-Villaga-Foto-114.jpg\"><img loading=\"lazy\" decoding=\"async\" title=\"Vista dai covoli di San Donato, Eremo di Pozzolo \" src=\"https:\/\/www.lemandolare.it\/wp-content\/uploads\/2012\/09\/Eremo-San-Donato-Pozzolo-Villaga-Foto-114-150x150.jpg\" alt=\"\" width=\"150\" height=\"150\" \/><\/a><\/p>\n<h3 style=\"text-align: center;\"><span style=\"font-weight: bold;\">Comment arriver au Le Mandolare<\/span><\/h3>\n<p style=\"text-align: justify;\"><strong>De l&#8217;autoroute A4:<\/strong> \u00e0 proximit\u00e9 de\u00a0Vicenza Est prendre l&#8217;autoroute A31 vers le sud et sortir \u00e0 Albettone-Barbarano. Continuer Vicenza-Barbarano et apr\u00e8s 1 km, au rond-point qui croise SP 247 &#8220;Riviera Berica&#8221;, passez directement \u00e0 Sossano pour environ 700 m\u00e8tres, puis tournez \u00e0 gauche sur la SP8, \u00e0 Sossano. Au prochain rond-point, tourner \u00e0 droite dans la Via Dante et continuer sur la Via Giuseppe Verdi. Traverser le centre de Villaga, suivre la route qui monte et la jonction avec Via Castello, tourner \u00e0 gauche et suivre la Via Pigiavento et continuer sur environ 2 km: l&#8217;entr\u00e9e est sur la gauche, y compris une double rang\u00e9e de cypr\u00e8s.<\/p>\n<p style=\"text-align: justify;\"><strong>De l&#8217;A13 Bologne &#8211; Padoue<\/strong>: sortir \u00e0 Monselice, tournez \u00e0 droite et suivez les indications vers Este, en suite vers Noventa Vicentina. Quand vouz \u00e8tes sur la S.P. 247 Riviera Berica, continuez en direction de Vicenza pour environ 12 km.\u00a050 m\u00e8tres apr\u00e8s l&#8217;intersection \u00e0 droite avec le SP8 (\u00e0 l&#8217;Association laiti\u00e8re), tournez \u00e0 gauche par la SP8, vers Sossano-Orgiano-Lonigo. Apr\u00e8s environ 1 km, \u00e0 la rotonde, prenez la premi\u00e8re route \u00e0 droite en direction de Villaga. Continuez le long de la Via Dante, apr\u00e8s environ 1 km, tournez \u00e0 droite par la Via Fornace, et puis apr\u00e8s 20 m\u00e8tres tournez \u00e0 gauche par la Via Giuseppe Verdi. Arriv\u00e9s au centre de Villaga, suivez la route qui monte et \u00e0 la jonction avec la Via Castello, tournez \u00e0 gauche et ascendez la Via Pigiavento et continuez pour environ 2 Km: l&#8217;entr\u00e9e de l&#8217;entreprise est \u00e0 gauche, entre deux rang\u00e9es de cypr\u00e8s.<\/p>\n<p style=\"text-align: justify;\"><a href=\"https:\/\/www.lemandolare.it\/wp-content\/uploads\/2010\/08\/Mappa-web.jpg\"><img loading=\"lazy\" decoding=\"async\" class=\"alignnone size-large wp-image-1883\" title=\"Mappa web\" src=\"https:\/\/www.lemandolare.it\/wp-content\/uploads\/2010\/08\/Mappa-web-789x1024.jpg\" alt=\"\" width=\"640\" height=\"830\" srcset=\"https:\/\/www.lemandolare.it\/wp-content\/uploads\/2010\/08\/Mappa-web-789x1024.jpg 789w, https:\/\/www.lemandolare.it\/wp-content\/uploads\/2010\/08\/Mappa-web-231x300.jpg 231w, https:\/\/www.lemandolare.it\/wp-content\/uploads\/2010\/08\/Mappa-web.jpg 911w\" sizes=\"auto, (max-width: 640px) 100vw, 640px\" \/><\/a><\/p>\n<p style=\"text-align: center;\"><strong>Carte interactive: <\/strong><small><a style=\"color: #0000ff; text-align: left;\" href=\"https:\/\/www.google.it\/maps\/place\/Agriturismo+%22Le+Mandolare%22\/@45.400644,11.525281,17z\/data=!3m1!4b1!4m2!3m1!1s0x477f3b597552fcf7:0xf2381f381060dce4?hl=it\"> planifiez votre itin\u00e9raire avec Google Maps<\/a><\/small><\/p>\n<p style=\"text-align: center;\">\n","protected":false},"excerpt":{"rendered":"<p>L\u2019exploitation agricole \u00ab Le Mandolare \u00bb se situe \u00e0 Villaga, via Mandolare. Les anciens propri\u00e9taires avaient plant\u00e9 de nombreux amandiers pour vendre les amandes au d\u00e9but de l\u2019automne. Aujourd\u2019hui, il reste une trentaine d\u2019arbres qui, durant la pleine floraison au &hellip; <a href=\"https:\/\/www.lemandolare.it\/?page_id=94&amp;lang=fr\">Continuer la lecture <span class=\"meta-nav\">&rarr;<\/span><\/a><\/p>\n","protected":false},"author":1,"featured_media":0,"parent":0,"menu_order":6,"comment_status":"closed","ping_status":"closed","template":"","meta":{"footnotes":""},"class_list":["post-94","page","type-page","status-publish","hentry"],"_links":{"self":[{"href":"https:\/\/www.lemandolare.it\/index.php?rest_route=\/wp\/v2\/pages\/94","targetHints":{"allow":["GET"]}}],"collection":[{"href":"https:\/\/www.lemandolare.it\/index.php?rest_route=\/wp\/v2\/pages"}],"about":[{"href":"https:\/\/www.lemandolare.it\/index.php?rest_route=\/wp\/v2\/types\/page"}],"author":[{"embeddable":true,"href":"https:\/\/www.lemandolare.it\/index.php?rest_route=\/wp\/v2\/users\/1"}],"replies":[{"embeddable":true,"href":"https:\/\/www.lemandolare.it\/index.php?rest_route=%2Fwp%2Fv2%2Fcomments&post=94"}],"version-history":[{"count":223,"href":"https:\/\/www.lemandolare.it\/index.php?rest_route=\/wp\/v2\/pages\/94\/revisions"}],"predecessor-version":[{"id":2162,"href":"https:\/\/www.lemandolare.it\/index.php?rest_route=\/wp\/v2\/pages\/94\/revisions\/2162"}],"wp:attachment":[{"href":"https:\/\/www.lemandolare.it\/index.php?rest_route=%2Fwp%2Fv2%2Fmedia&parent=94"}],"curies":[{"name":"wp","href":"https:\/\/api.w.org\/{rel}","templated":true}]}}